{"id":2614,"date":"2025-12-03T09:23:33","date_gmt":"2025-12-03T09:23:33","guid":{"rendered":"https:\/\/esg4vet.eu\/about-2\/"},"modified":"2026-01-28T13:09:06","modified_gmt":"2026-01-28T13:09:06","slug":"about","status":"publish","type":"page","link":"https:\/\/esg4vet.eu\/it\/about\/","title":{"rendered":"Riguardo al progetto"},"content":{"rendered":"<div data-elementor-type=\"wp-page\" data-elementor-id=\"2614\" class=\"elementor elementor-2614\">\n\t\t\t\t<div class=\"elementor-element elementor-element-4ea2e695 e-flex e-con-boxed elementor-invisible e-con e-parent\" data-id=\"4ea2e695\" data-element_type=\"container\" data-e-type=\"container\" data-settings=\"{&quot;background_background&quot;:&quot;classic&quot;,&quot;animation&quot;:&quot;fadeIn&quot;}\">\n\t\t\t\t\t<div class=\"e-con-inner\">\n\t\t\t\t<div class=\"elementor-element elementor-element-6adbb941 elementor-widget elementor-widget-heading\" data-id=\"6adbb941\" data-element_type=\"widget\" data-e-type=\"widget\" data-widget_type=\"heading.default\">\n\t\t\t\t<div class=\"elementor-widget-container\">\n\t\t\t\t\t<h2 class=\"elementor-heading-title elementor-size-default\">Riguardo al progetto<\/h2>\t\t\t\t<\/div>\n\t\t\t\t<\/div>\n\t\t\t\t\t<\/div>\n\t\t\t\t<\/div>\n\t\t<div class=\"elementor-element elementor-element-413cb08 e-flex e-con-boxed elementor-invisible e-con e-parent\" data-id=\"413cb08\" data-element_type=\"container\" data-e-type=\"container\" data-settings=\"{&quot;animation&quot;:&quot;fadeInLeft&quot;}\">\n\t\t\t\t\t<div class=\"e-con-inner\">\n\t\t\t\t<div class=\"elementor-element elementor-element-065f22e elementor-widget elementor-widget-heading\" data-id=\"065f22e\" data-element_type=\"widget\" data-e-type=\"widget\" data-widget_type=\"heading.default\">\n\t\t\t\t<div class=\"elementor-widget-container\">\n\t\t\t\t\t<h2 class=\"elementor-heading-title elementor-size-default\">Razionale<br><\/h2>\t\t\t\t<\/div>\n\t\t\t\t<\/div>\n\t\t\t\t\t<\/div>\n\t\t\t\t<\/div>\n\t\t<div class=\"elementor-element elementor-element-3e4359e e-flex e-con-boxed elementor-invisible e-con e-parent\" data-id=\"3e4359e\" data-element_type=\"container\" data-e-type=\"container\" data-settings=\"{&quot;animation&quot;:&quot;fadeInRight&quot;}\">\n\t\t\t\t\t<div class=\"e-con-inner\">\n\t\t<div class=\"elementor-element elementor-element-7a65a8d e-con-full e-flex e-con e-child\" data-id=\"7a65a8d\" data-element_type=\"container\" data-e-type=\"container\">\n\t\t\t\t<div class=\"elementor-element elementor-element-eb169e8 elementor-widget elementor-widget-text-editor\" data-id=\"eb169e8\" data-element_type=\"widget\" data-e-type=\"widget\" data-widget_type=\"text-editor.default\">\n\t\t\t\t<div class=\"elementor-widget-container\">\n\t\t\t\t\t\t\t\t\t<p>La crisi economica e sanitaria, supportata dai crescenti disastri ambientali dovuti al cambiamento climatico, hanno accelerato la necessit\u00e0 di procedere con l'integrazione di criteri sostenibili ESG (Ambientali, Sociali e di Governance) allineati al Green Deal e agli Standard europei di rendicontazione della sostenibilit\u00e0 dell'UE 2023 (ESRS), spingendo verso risultati tangibili di giustizia sociale, trasparenza e responsabilit\u00e0.<br \/><br \/><br \/><\/p><p>\u2018Diventare sostenibili non \u00e8 una scelta, \u00e8 un obbligo\u2019, per tutti. Garantire pratiche ecocompatibili, inclusive e sostenibili, nel mercato della formazione professionale\/lavoro in linea con gli standard ESG, \u00e8 stata la motivazione del progetto ESG4VET e del suo consorzio, che hanno un legame diretto con i gruppi target; formatori professionisti, PMI, R&amp;S, sviluppatori, ONG, attraverso i quali sono stati identificati i loro bisogni reali per integrare risultati mirati nelle loro pratiche.<\/p>\t\t\t\t\t\t\t\t<\/div>\n\t\t\t\t<\/div>\n\t\t\t\t<\/div>\n\t\t<div class=\"elementor-element elementor-element-0d7fec9 e-con-full e-flex e-con e-child\" data-id=\"0d7fec9\" data-element_type=\"container\" data-e-type=\"container\">\n\t\t\t\t<div class=\"elementor-element elementor-element-1546163 elementor-widget elementor-widget-image\" data-id=\"1546163\" data-element_type=\"widget\" data-e-type=\"widget\" data-widget_type=\"image.default\">\n\t\t\t\t<div class=\"elementor-widget-container\">\n\t\t\t\t\t\t\t\t\t\t\t\t\t\t\t<img fetchpriority=\"high\" decoding=\"async\" width=\"500\" height=\"500\" src=\"https:\/\/esg4vet.eu\/wp-content\/uploads\/2025\/12\/rationale.png\" class=\"attachment-large size-large wp-image-4127\" alt=\"rationale\" srcset=\"https:\/\/esg4vet.eu\/wp-content\/uploads\/2025\/12\/rationale.png 500w, https:\/\/esg4vet.eu\/wp-content\/uploads\/2025\/12\/rationale-300x300.png 300w, https:\/\/esg4vet.eu\/wp-content\/uploads\/2025\/12\/rationale-150x150.png 150w\" sizes=\"(max-width: 500px) 100vw, 500px\"  title=\"Riguardo al progetto\" \/>\t\t\t\t\t\t\t\t\t\t\t\t\t\t\t<\/div>\n\t\t\t\t<\/div>\n\t\t\t\t<\/div>\n\t\t\t\t\t<\/div>\n\t\t\t\t<\/div>\n\t\t<div class=\"elementor-element elementor-element-82ffb4c e-flex e-con-boxed elementor-invisible e-con e-parent\" data-id=\"82ffb4c\" data-element_type=\"container\" data-e-type=\"container\" data-settings=\"{&quot;background_background&quot;:&quot;classic&quot;,&quot;animation&quot;:&quot;fadeInRight&quot;}\">\n\t\t\t\t\t<div class=\"e-con-inner\">\n\t\t\t\t<div class=\"elementor-element elementor-element-f2e3d7c elementor-widget elementor-widget-text-editor\" data-id=\"f2e3d7c\" data-element_type=\"widget\" data-e-type=\"widget\" data-widget_type=\"text-editor.default\">\n\t\t\t\t<div class=\"elementor-widget-container\">\n\t\t\t\t\t\t\t\t\t<p>\u00a0<\/p><p>Nel 2023, il Parlamento europeo ha adottato la Direttiva sulla rendicontazione di sostenibilit\u00e0 delle imprese (CSRD), che ha ampliato gli attuali requisiti UE per la rendicontazione di sostenibilit\u00e0, entrando in vigore dal 2024, inizialmente per le grandi imprese di interesse pubblico, ma sar\u00e0 obbligatoria per tutte le PMI entro la fine del 2026. <br \/><br \/>Quanto \u00e8 preparato il VET ad adattarsi alle sfide ESG e a sostenere il mercato del lavoro? L'ESG non \u00e8 solo un quadro di riferimento che valuta l'impegno di un'organizzazione verso la sostenibilit\u00e0 e le pratiche etiche che incidono sui cittadini, correlato a:<br \/><br \/><\/p><ul><li>AMBIENTALE valutando il modo in cui affronta le sfide ecologiche, ad esempio il cambiamento climatico, le emissioni di carbonio, l'acqua, i rifiuti, l'inquinamento atmosferico, la gestione dell'energia, ecc.<br \/><br \/><\/li><li>SOCIAL esaminando come integra diritti umani, diversit\u00e0, inclusione, salute e sicurezza, coinvolgimento e sviluppo della comunit\u00e0<br \/><br \/><\/li><li>GOVERNANCE con focus su leadership, etica, corruzione, trasparenza, controllo interno ecc. L'ESG rappresenta un nuovo modo di pensare, introducendo un approccio olistico nell'esprimere i valori, lo scopo e l'impatto di un'azienda, promuovendo fiducia, collaborazione e un senso di responsabilit\u00e0 e impegno condiviso. L'integrazione degli standard ESG nelle politiche di un'azienda \u00e8 un'aspettativa crescente da parte di tutti: beneficiari, personale, comunit\u00e0, investitori e stakeholder.<\/li><\/ul>\t\t\t\t\t\t\t\t<\/div>\n\t\t\t\t<\/div>\n\t\t\t\t\t<\/div>\n\t\t\t\t<\/div>\n\t\t<div class=\"elementor-element elementor-element-d408743 e-flex e-con-boxed e-con e-parent\" data-id=\"d408743\" data-element_type=\"container\" data-e-type=\"container\">\n\t\t\t\t\t<div class=\"e-con-inner\">\n\t\t\t\t<div class=\"elementor-element elementor-element-44ea85e elementor-widget elementor-widget-heading\" data-id=\"44ea85e\" data-element_type=\"widget\" data-e-type=\"widget\" data-widget_type=\"heading.default\">\n\t\t\t\t<div class=\"elementor-widget-container\">\n\t\t\t\t\t<h2 class=\"elementor-heading-title elementor-size-default\">Obiettivi del Progetto<\/h2>\t\t\t\t<\/div>\n\t\t\t\t<\/div>\n\t\t\t\t\t<\/div>\n\t\t\t\t<\/div>\n\t\t<div class=\"elementor-element elementor-element-7e9bf4c e-grid e-con-boxed elementor-invisible e-con e-parent\" data-id=\"7e9bf4c\" data-element_type=\"container\" data-e-type=\"container\" data-settings=\"{&quot;animation&quot;:&quot;fadeInUp&quot;,&quot;background_background&quot;:&quot;classic&quot;}\">\n\t\t\t\t\t<div class=\"e-con-inner\">\n\t\t<div class=\"elementor-element elementor-element-d8ffcc7 e-con-full e-flex e-con e-child\" data-id=\"d8ffcc7\" data-element_type=\"container\" data-e-type=\"container\">\n\t\t\t\t<div class=\"elementor-element elementor-element-4c5df05 elementor-widget__width-initial elementor-widget elementor-widget-image\" data-id=\"4c5df05\" data-element_type=\"widget\" data-e-type=\"widget\" data-widget_type=\"image.default\">\n\t\t\t\t<div class=\"elementor-widget-container\">\n\t\t\t\t\t\t\t\t\t\t\t\t\t\t\t<img decoding=\"async\" width=\"500\" height=\"500\" src=\"https:\/\/esg4vet.eu\/wp-content\/uploads\/2025\/12\/Project-aims.png\" class=\"attachment-large size-large wp-image-4131\" alt=\"project aims\" srcset=\"https:\/\/esg4vet.eu\/wp-content\/uploads\/2025\/12\/Project-aims.png 500w, https:\/\/esg4vet.eu\/wp-content\/uploads\/2025\/12\/Project-aims-300x300.png 300w, https:\/\/esg4vet.eu\/wp-content\/uploads\/2025\/12\/Project-aims-150x150.png 150w\" sizes=\"(max-width: 500px) 100vw, 500px\"  title=\"Riguardo al progetto\" \/>\t\t\t\t\t\t\t\t\t\t\t\t\t\t\t<\/div>\n\t\t\t\t<\/div>\n\t\t\t\t<\/div>\n\t\t\t\t<div class=\"elementor-element elementor-element-907fb36 elementor-widget elementor-widget-text-editor\" data-id=\"907fb36\" data-element_type=\"widget\" data-e-type=\"widget\" data-widget_type=\"text-editor.default\">\n\t\t\t\t<div class=\"elementor-widget-container\">\n\t\t\t\t\t\t\t\t\t<ol><li>Fornire ai formatori della formazione professionale (VET) competenze legate all'ESG (competenze verdi, digitali, in linea con i quadri GreenCOMP e DigiCOMP, il modello ESG e gli standard European Sustainability Reporting Standards (ESRS)), validate attraverso le Micro-Credenziali<br \/><br \/><\/li><li>Aggiornare la formazione c-VET con nuovi strumenti\/risorse basati su pratiche inclusive, ecologiche e sostenibili per una governance etica, trasparente ed efficiente, garantendo un impatto sistemico per le PMI, la comunit\u00e0, il personale, ecc.<br \/><br \/><\/li><li>Promuovere la collaborazione transnazionale, nazionale e regionale, lo scambio di buone pratiche secondo la metodologia co-design e la creazione di sinergie tra Organizzazioni Non Profit (ONG), Organizzazioni della Societ\u00e0 Civile (OSC), Istituti di Istruzione Superiore (IIS), ecc. per la promozione della conformit\u00e0 ESG nelle PMI.<br \/><br \/><\/li><li>Promuovere l'innovazione digitale, la preparazione, la resilienza e la capacit\u00e0 delle organizzazioni di EFTP e dei formatori basandosi sullo sviluppo di una serie di strumenti digitali per supportare le PMI a stabilire, monitorare, valutare e rendicontare la loro conformit\u00e0 ESG in base alle esigenze dei 14 ecosistemi industriali e del <br \/>piani personalizzati da generare<br \/><br \/><\/li><li>Promuovere la localizzazione, lo sfruttamento, la valutazione e<br \/>valutazione d'impatto tramite l'istituzione di ESG HUBS, per una migliore trasferibilit\u00e0 basata su un mondo aziendale pi\u00f9 responsabile che contribuisca alla giustizia sociale, alle pratiche ambientali e trasparenti<\/li><\/ol>\t\t\t\t\t\t\t\t<\/div>\n\t\t\t\t<\/div>\n\t\t\t\t\t<\/div>\n\t\t\t\t<\/div>\n\t\t<div class=\"elementor-element elementor-element-b8f8218 e-flex e-con-boxed elementor-invisible e-con e-parent\" data-id=\"b8f8218\" data-element_type=\"container\" data-e-type=\"container\" data-settings=\"{&quot;animation&quot;:&quot;fadeInDown&quot;}\">\n\t\t\t\t\t<div class=\"e-con-inner\">\n\t\t<div class=\"elementor-element elementor-element-b8de775 e-con-full e-flex e-con e-child\" data-id=\"b8de775\" data-element_type=\"container\" data-e-type=\"container\">\n\t\t\t\t<div class=\"elementor-element elementor-element-189f5ce elementor-widget elementor-widget-heading\" data-id=\"189f5ce\" data-element_type=\"widget\" data-e-type=\"widget\" data-widget_type=\"heading.default\">\n\t\t\t\t<div class=\"elementor-widget-container\">\n\t\t\t\t\t<h2 class=\"elementor-heading-title elementor-size-default\">Gruppi Target<\/h2>\t\t\t\t<\/div>\n\t\t\t\t<\/div>\n\t\t\t\t<\/div>\n\t\t\t\t\t<\/div>\n\t\t\t\t<\/div>\n\t\t<div class=\"elementor-element elementor-element-69d3160 e-flex e-con-boxed elementor-invisible e-con e-parent\" data-id=\"69d3160\" data-element_type=\"container\" data-e-type=\"container\" data-settings=\"{&quot;animation&quot;:&quot;fadeInDown&quot;}\">\n\t\t\t\t\t<div class=\"e-con-inner\">\n\t\t<div class=\"elementor-element elementor-element-47db911 e-grid e-con-full e-con e-child\" data-id=\"47db911\" data-element_type=\"container\" data-e-type=\"container\">\n\t\t<div class=\"elementor-element elementor-element-902429c e-grid e-con-full e-con e-child\" data-id=\"902429c\" data-element_type=\"container\" data-e-type=\"container\">\n\t\t<div class=\"elementor-element elementor-element-57d2443 e-con-full e-flex e-con e-child\" data-id=\"57d2443\" data-element_type=\"container\" data-e-type=\"container\">\n\t\t\t\t<div class=\"elementor-element elementor-element-d2c66b4 elementor-widget elementor-widget-text-editor\" data-id=\"d2c66b4\" data-element_type=\"widget\" data-e-type=\"widget\" data-widget_type=\"text-editor.default\">\n\t\t\t\t<div class=\"elementor-widget-container\">\n\t\t\t\t\t\t\t\t\t<p>Formatori VET che operano nel settore c-VET ed erogano formazioni di aggiornamento professionale a professionisti\/studenti che possiedono competenze pertinenti, o che sono interessati ad aggiornare il proprio profilo.<\/p>\t\t\t\t\t\t\t\t<\/div>\n\t\t\t\t<\/div>\n\t\t\t\t<\/div>\n\t\t<div class=\"elementor-element elementor-element-f5afdb2 e-con-full e-flex e-con e-child\" data-id=\"f5afdb2\" data-element_type=\"container\" data-e-type=\"container\">\n\t\t\t\t<div class=\"elementor-element elementor-element-85d9281 elementor-widget elementor-widget-text-editor\" data-id=\"85d9281\" data-element_type=\"widget\" data-e-type=\"widget\" data-widget_type=\"text-editor.default\">\n\t\t\t\t<div class=\"elementor-widget-container\">\n\t\t\t\t\t\t\t\t\t<p>Professionisti, datori di lavoro, direttori, ricercatori, sviluppatori, consulenti, manager, advisor, operatori sociali\/giovanili, ambientalisti, esperti civici ecc. che lavorano in\/con PMI, aziende, ditte ecc. che guideranno o saranno coinvolti nella procedura di conformit\u00e0 ESG della loro organizzazione o supporteranno altri.<\/p>\t\t\t\t\t\t\t\t<\/div>\n\t\t\t\t<\/div>\n\t\t\t\t<\/div>\n\t\t\t\t<\/div>\n\t\t\t\t<div class=\"elementor-element elementor-element-0bff3c4 elementor-widget elementor-widget-image\" data-id=\"0bff3c4\" data-element_type=\"widget\" data-e-type=\"widget\" data-widget_type=\"image.default\">\n\t\t\t\t<div class=\"elementor-widget-container\">\n\t\t\t\t\t\t\t\t\t\t\t\t\t\t\t<img decoding=\"async\" width=\"500\" height=\"500\" src=\"https:\/\/esg4vet.eu\/wp-content\/uploads\/2025\/12\/target-groups.png\" class=\"attachment-large size-large wp-image-4135\" alt=\"target groups\" srcset=\"https:\/\/esg4vet.eu\/wp-content\/uploads\/2025\/12\/target-groups.png 500w, https:\/\/esg4vet.eu\/wp-content\/uploads\/2025\/12\/target-groups-300x300.png 300w, https:\/\/esg4vet.eu\/wp-content\/uploads\/2025\/12\/target-groups-150x150.png 150w\" sizes=\"(max-width: 500px) 100vw, 500px\"  title=\"Riguardo al progetto\" \/>\t\t\t\t\t\t\t\t\t\t\t\t\t\t\t<\/div>\n\t\t\t\t<\/div>\n\t\t\t\t<\/div>\n\t\t\t\t\t<\/div>\n\t\t\t\t<\/div>\n\t\t<div class=\"elementor-element elementor-element-f168314 e-flex e-con-boxed elementor-invisible e-con e-parent\" data-id=\"f168314\" data-element_type=\"container\" data-e-type=\"container\" data-settings=\"{&quot;animation&quot;:&quot;fadeInDown&quot;}\">\n\t\t\t\t\t<div class=\"e-con-inner\">\n\t\t\t\t\t<\/div>\n\t\t\t\t<\/div>\n\t\t<div class=\"elementor-element elementor-element-aa74621 e-flex e-con-boxed e-con e-parent\" data-id=\"aa74621\" data-element_type=\"container\" data-e-type=\"container\">\n\t\t\t\t\t<div class=\"e-con-inner\">\n\t\t\t\t\t<\/div>\n\t\t\t\t<\/div>\n\t\t<div class=\"elementor-element elementor-element-072876e e-flex e-con-boxed e-con e-parent\" data-id=\"072876e\" data-element_type=\"container\" data-e-type=\"container\">\n\t\t\t\t\t<div class=\"e-con-inner\">\n\t\t\t\t<div class=\"elementor-element elementor-element-4f7ecff elementor-widget elementor-widget-spacer\" data-id=\"4f7ecff\" data-element_type=\"widget\" data-e-type=\"widget\" data-widget_type=\"spacer.default\">\n\t\t\t\t<div class=\"elementor-widget-container\">\n\t\t\t\t\t\t\t<div class=\"elementor-spacer\">\n\t\t\t<div class=\"elementor-spacer-inner\"><\/div>\n\t\t<\/div>\n\t\t\t\t\t\t<\/div>\n\t\t\t\t<\/div>\n\t\t\t\t\t<\/div>\n\t\t\t\t<\/div>\n\t\t\t\t<\/div>","protected":false},"excerpt":{"rendered":"<p>About the Project Rationale The economic and health crisis, supported by the increasing environmental disasters due to the climate change, have accelerated the necessity to proceed with the integration of sustainable ESG (Environmental Social Governance) criteria aligned with the Green Deal and the 2023 EU Sustainability Reporting Standards (ESRS) pushing for tangible outcomes of social [&hellip;]<\/p>\n","protected":false},"author":1,"featured_media":0,"parent":0,"menu_order":0,"comment_status":"closed","ping_status":"closed","template":"","meta":{"_monsterinsights_skip_tracking":false,"site-sidebar-layout":"no-sidebar","site-content-layout":"page-builder","ast-site-content-layout":"default","site-content-style":"default","site-sidebar-style":"default","ast-global-header-display":"","ast-banner-title-visibility":"","ast-main-header-display":"","ast-hfb-above-header-display":"","ast-hfb-below-header-display":"","ast-hfb-mobile-header-display":"","site-post-title":"disabled","ast-breadcrumbs-content":"","ast-featured-img":"disabled","footer-sml-layout":"","ast-disable-related-posts":"","theme-transparent-header-meta":"disabled","adv-header-id-meta":"","stick-header-meta":"","header-above-stick-meta":"","header-main-stick-meta":"","header-below-stick-meta":"","astra-migrate-meta-layouts":"default","ast-page-background-enabled":"default","ast-page-background-meta":{"desktop":{"background-color":"var(--ast-global-color-4)","background-image":"","background-repeat":"repeat","background-position":"center center","background-size":"auto","background-attachment":"scroll","background-type":"","background-media":"","overlay-type":"","overlay-color":"","overlay-opacity":"","overlay-gradient":""},"tablet":{"background-color":"","background-image":"","background-repeat":"repeat","background-position":"center center","background-size":"auto","background-attachment":"scroll","background-type":"","background-media":"","overlay-type":"","overlay-color":"","overlay-opacity":"","overlay-gradient":""},"mobile":{"background-color":"","background-image":"","background-repeat":"repeat","background-position":"center center","background-size":"auto","background-attachment":"scroll","background-type":"","background-media":"","overlay-type":"","overlay-color":"","overlay-opacity":"","overlay-gradient":""}},"ast-content-background-meta":{"desktop":{"background-color":"var(--ast-global-color-5)","background-image":"","background-repeat":"repeat","background-position":"center center","background-size":"auto","background-attachment":"scroll","background-type":"","background-media":"","overlay-type":"","overlay-color":"","overlay-opacity":"","overlay-gradient":""},"tablet":{"background-color":"var(--ast-global-color-5)","background-image":"","background-repeat":"repeat","background-position":"center center","background-size":"auto","background-attachment":"scroll","background-type":"","background-media":"","overlay-type":"","overlay-color":"","overlay-opacity":"","overlay-gradient":""},"mobile":{"background-color":"var(--ast-global-color-5)","background-image":"","background-repeat":"repeat","background-position":"center center","background-size":"auto","background-attachment":"scroll","background-type":"","background-media":"","overlay-type":"","overlay-color":"","overlay-opacity":"","overlay-gradient":""}},"footnotes":""},"class_list":["post-2614","page","type-page","status-publish","hentry"],"_links":{"self":[{"href":"https:\/\/esg4vet.eu\/it\/wp-json\/wp\/v2\/pages\/2614","targetHints":{"allow":["GET"]}}],"collection":[{"href":"https:\/\/esg4vet.eu\/it\/wp-json\/wp\/v2\/pages"}],"about":[{"href":"https:\/\/esg4vet.eu\/it\/wp-json\/wp\/v2\/types\/page"}],"author":[{"embeddable":true,"href":"https:\/\/esg4vet.eu\/it\/wp-json\/wp\/v2\/users\/1"}],"replies":[{"embeddable":true,"href":"https:\/\/esg4vet.eu\/it\/wp-json\/wp\/v2\/comments?post=2614"}],"version-history":[{"count":329,"href":"https:\/\/esg4vet.eu\/it\/wp-json\/wp\/v2\/pages\/2614\/revisions"}],"predecessor-version":[{"id":4763,"href":"https:\/\/esg4vet.eu\/it\/wp-json\/wp\/v2\/pages\/2614\/revisions\/4763"}],"wp:attachment":[{"href":"https:\/\/esg4vet.eu\/it\/wp-json\/wp\/v2\/media?parent=2614"}],"curies":[{"name":"wp","href":"https:\/\/api.w.org\/{rel}","templated":true}]}}