{"id":2614,"date":"2025-12-03T09:23:33","date_gmt":"2025-12-03T09:23:33","guid":{"rendered":"https:\/\/esg4vet.eu\/about-2\/"},"modified":"2026-01-28T13:09:06","modified_gmt":"2026-01-28T13:09:06","slug":"about","status":"publish","type":"page","link":"https:\/\/esg4vet.eu\/es\/about\/","title":{"rendered":"Sobre el Proyecto"},"content":{"rendered":"<div data-elementor-type=\"wp-page\" data-elementor-id=\"2614\" class=\"elementor elementor-2614\">\n\t\t\t\t<div class=\"elementor-element elementor-element-4ea2e695 e-flex e-con-boxed elementor-invisible e-con e-parent\" data-id=\"4ea2e695\" data-element_type=\"container\" data-e-type=\"container\" data-settings=\"{&quot;background_background&quot;:&quot;classic&quot;,&quot;animation&quot;:&quot;fadeIn&quot;}\">\n\t\t\t\t\t<div class=\"e-con-inner\">\n\t\t\t\t<div class=\"elementor-element elementor-element-6adbb941 elementor-widget elementor-widget-heading\" data-id=\"6adbb941\" data-element_type=\"widget\" data-e-type=\"widget\" data-widget_type=\"heading.default\">\n\t\t\t\t<div class=\"elementor-widget-container\">\n\t\t\t\t\t<h2 class=\"elementor-heading-title elementor-size-default\">Sobre el Proyecto<\/h2>\t\t\t\t<\/div>\n\t\t\t\t<\/div>\n\t\t\t\t\t<\/div>\n\t\t\t\t<\/div>\n\t\t<div class=\"elementor-element elementor-element-413cb08 e-flex e-con-boxed elementor-invisible e-con e-parent\" data-id=\"413cb08\" data-element_type=\"container\" data-e-type=\"container\" data-settings=\"{&quot;animation&quot;:&quot;fadeInLeft&quot;}\">\n\t\t\t\t\t<div class=\"e-con-inner\">\n\t\t\t\t<div class=\"elementor-element elementor-element-065f22e elementor-widget elementor-widget-heading\" data-id=\"065f22e\" data-element_type=\"widget\" data-e-type=\"widget\" data-widget_type=\"heading.default\">\n\t\t\t\t<div class=\"elementor-widget-container\">\n\t\t\t\t\t<h2 class=\"elementor-heading-title elementor-size-default\">Racional<br><\/h2>\t\t\t\t<\/div>\n\t\t\t\t<\/div>\n\t\t\t\t\t<\/div>\n\t\t\t\t<\/div>\n\t\t<div class=\"elementor-element elementor-element-3e4359e e-flex e-con-boxed elementor-invisible e-con e-parent\" data-id=\"3e4359e\" data-element_type=\"container\" data-e-type=\"container\" data-settings=\"{&quot;animation&quot;:&quot;fadeInRight&quot;}\">\n\t\t\t\t\t<div class=\"e-con-inner\">\n\t\t<div class=\"elementor-element elementor-element-7a65a8d e-con-full e-flex e-con e-child\" data-id=\"7a65a8d\" data-element_type=\"container\" data-e-type=\"container\">\n\t\t\t\t<div class=\"elementor-element elementor-element-eb169e8 elementor-widget elementor-widget-text-editor\" data-id=\"eb169e8\" data-element_type=\"widget\" data-e-type=\"widget\" data-widget_type=\"text-editor.default\">\n\t\t\t\t<div class=\"elementor-widget-container\">\n\t\t\t\t\t\t\t\t\t<p>La crisis econ\u00f3mica y sanitaria, respald.<br \/><br \/><br \/><\/p><p>\u2018Volverse sostenible no es una elecci\u00f3n, es una obligaci\u00f3n\u2019, para todos. Asegurar pr\u00e1cticas ecol\u00f3gicas, inclusivas y sostenibles, en el mercado laboral\/FP alineadas con los est\u00e1ndares ESG ha sido la motivaci\u00f3n del proyecto ESG4VET y su consorcio, que tienen un v\u00ednculo directo con los grupos destinatarios; formadores de FP, PYMES, I+D, desarrolladores, ONG, a trav\u00e9s de los cuales se identificaron sus necesidades reales para que los resultados dirigidos se integren en sus pr\u00e1cticas.<\/p>\t\t\t\t\t\t\t\t<\/div>\n\t\t\t\t<\/div>\n\t\t\t\t<\/div>\n\t\t<div class=\"elementor-element elementor-element-0d7fec9 e-con-full e-flex e-con e-child\" data-id=\"0d7fec9\" data-element_type=\"container\" data-e-type=\"container\">\n\t\t\t\t<div class=\"elementor-element elementor-element-1546163 elementor-widget elementor-widget-image\" data-id=\"1546163\" data-element_type=\"widget\" data-e-type=\"widget\" data-widget_type=\"image.default\">\n\t\t\t\t<div class=\"elementor-widget-container\">\n\t\t\t\t\t\t\t\t\t\t\t\t\t\t\t<img fetchpriority=\"high\" decoding=\"async\" width=\"500\" height=\"500\" src=\"https:\/\/esg4vet.eu\/wp-content\/uploads\/2025\/12\/rationale.png\" class=\"attachment-large size-large wp-image-4127\" alt=\"rationale\" srcset=\"https:\/\/esg4vet.eu\/wp-content\/uploads\/2025\/12\/rationale.png 500w, https:\/\/esg4vet.eu\/wp-content\/uploads\/2025\/12\/rationale-300x300.png 300w, https:\/\/esg4vet.eu\/wp-content\/uploads\/2025\/12\/rationale-150x150.png 150w\" sizes=\"(max-width: 500px) 100vw, 500px\"  title=\"Sobre el Proyecto\" \/>\t\t\t\t\t\t\t\t\t\t\t\t\t\t\t<\/div>\n\t\t\t\t<\/div>\n\t\t\t\t<\/div>\n\t\t\t\t\t<\/div>\n\t\t\t\t<\/div>\n\t\t<div class=\"elementor-element elementor-element-82ffb4c e-flex e-con-boxed elementor-invisible e-con e-parent\" data-id=\"82ffb4c\" data-element_type=\"container\" data-e-type=\"container\" data-settings=\"{&quot;background_background&quot;:&quot;classic&quot;,&quot;animation&quot;:&quot;fadeInRight&quot;}\">\n\t\t\t\t\t<div class=\"e-con-inner\">\n\t\t\t\t<div class=\"elementor-element elementor-element-f2e3d7c elementor-widget elementor-widget-text-editor\" data-id=\"f2e3d7c\" data-element_type=\"widget\" data-e-type=\"widget\" data-widget_type=\"text-editor.default\">\n\t\t\t\t<div class=\"elementor-widget-container\">\n\t\t\t\t\t\t\t\t\t<p>\u00a0<\/p><p>En 2023, el Parlamento Europeo adopt\u00f3 la Directiva sobre la Informaci\u00f3n Corporativa de Sostenibilidad (CSRD), que ampli\u00f3 las obligaciones existentes de la UE en materia de informaci\u00f3n de sostenibilidad, entrando en vigor a partir de 2024, inicialmente para las grandes empresas de inter\u00e9s p\u00fablico, pero ser\u00e1 obligatoria para todas las PYMES a finales de 2026. <br \/><br \/>\u00bfQu\u00e9 tan preparado est\u00e1 VET para adaptarse a los desaf\u00edos ESG y apoyar al mercado laboral? ESG no es solo un marco que eval\u00faa el compromiso de una organizaci\u00f3n con la sostenibilidad y las pr\u00e1cticas \u00e9ticas que impactan a los ciudadanos, relacionado con:<br \/><br \/><\/p><ul><li>MEDIO AMBIENTE evaluar la forma en que aborda los retos ecol\u00f3gicos, por ejemplo, el cambio clim\u00e1tico, las emisiones de carbono, el agua, los residuos, la contaminaci\u00f3n atmosf\u00e9rica, la gesti\u00f3n de la energ\u00eda, etc.<br \/><br \/><\/li><li>SOCIAL examinando c\u00f3mo integra derechos humanos, diversidad, inclusi\u00f3n, salud y seguridad, participaci\u00f3n y desarrollo comunitario<br \/><br \/><\/li><li>GOBERNANZA centr\u00e1ndose en el liderazgo, la \u00e9tica, la corrupci\u00f3n, la transparencia,.<\/li><\/ul>\t\t\t\t\t\t\t\t<\/div>\n\t\t\t\t<\/div>\n\t\t\t\t\t<\/div>\n\t\t\t\t<\/div>\n\t\t<div class=\"elementor-element elementor-element-d408743 e-flex e-con-boxed e-con e-parent\" data-id=\"d408743\" data-element_type=\"container\" data-e-type=\"container\">\n\t\t\t\t\t<div class=\"e-con-inner\">\n\t\t\t\t<div class=\"elementor-element elementor-element-44ea85e elementor-widget elementor-widget-heading\" data-id=\"44ea85e\" data-element_type=\"widget\" data-e-type=\"widget\" data-widget_type=\"heading.default\">\n\t\t\t\t<div class=\"elementor-widget-container\">\n\t\t\t\t\t<h2 class=\"elementor-heading-title elementor-size-default\">Objetivos del proyecto<\/h2>\t\t\t\t<\/div>\n\t\t\t\t<\/div>\n\t\t\t\t\t<\/div>\n\t\t\t\t<\/div>\n\t\t<div class=\"elementor-element elementor-element-7e9bf4c e-grid e-con-boxed elementor-invisible e-con e-parent\" data-id=\"7e9bf4c\" data-element_type=\"container\" data-e-type=\"container\" data-settings=\"{&quot;animation&quot;:&quot;fadeInUp&quot;,&quot;background_background&quot;:&quot;classic&quot;}\">\n\t\t\t\t\t<div class=\"e-con-inner\">\n\t\t<div class=\"elementor-element elementor-element-d8ffcc7 e-con-full e-flex e-con e-child\" data-id=\"d8ffcc7\" data-element_type=\"container\" data-e-type=\"container\">\n\t\t\t\t<div class=\"elementor-element elementor-element-4c5df05 elementor-widget__width-initial elementor-widget elementor-widget-image\" data-id=\"4c5df05\" data-element_type=\"widget\" data-e-type=\"widget\" data-widget_type=\"image.default\">\n\t\t\t\t<div class=\"elementor-widget-container\">\n\t\t\t\t\t\t\t\t\t\t\t\t\t\t\t<img decoding=\"async\" width=\"500\" height=\"500\" src=\"https:\/\/esg4vet.eu\/wp-content\/uploads\/2025\/12\/Project-aims.png\" class=\"attachment-large size-large wp-image-4131\" alt=\"project aims\" srcset=\"https:\/\/esg4vet.eu\/wp-content\/uploads\/2025\/12\/Project-aims.png 500w, https:\/\/esg4vet.eu\/wp-content\/uploads\/2025\/12\/Project-aims-300x300.png 300w, https:\/\/esg4vet.eu\/wp-content\/uploads\/2025\/12\/Project-aims-150x150.png 150w\" sizes=\"(max-width: 500px) 100vw, 500px\"  title=\"Sobre el Proyecto\" \/>\t\t\t\t\t\t\t\t\t\t\t\t\t\t\t<\/div>\n\t\t\t\t<\/div>\n\t\t\t\t<\/div>\n\t\t\t\t<div class=\"elementor-element elementor-element-907fb36 elementor-widget elementor-widget-text-editor\" data-id=\"907fb36\" data-element_type=\"widget\" data-e-type=\"widget\" data-widget_type=\"text-editor.default\">\n\t\t\t\t<div class=\"elementor-widget-container\">\n\t\t\t\t\t\t\t\t\t<ol><li>Dotar a los formadores de Formaci\u00f3n Profesional (FP) con competencias relacionadas con ESG (habilidades verdes y digitales, seg\u00fan los marcos GreenCOMP, DigiCOMP, el modelo ESG y las normas de las Normas Europeas para la Elaboraci\u00f3n de Informes de Sostenibilidad (ESRS)), validadas a trav\u00e9s de las Micro-credenciales.<br \/><br \/><\/li><li>Actualizar la formaci\u00f3n C-VET con nuevas herramientas\/recursos basados en pr\u00e1cticas inclusivas, ecol\u00f3gicas y sostenibles para una gobernanza \u00e9tica, transparente y eficiente, garantizando un impacto sist\u00e9mico para sus pymes, la comunidad, el personal, etc.<br \/><br \/><\/li><li>Fomentar la colaboraci\u00f3n transnacional, nacional y regional, el intercambio de buenas pr\u00e1cticas seg\u00fan la metodolog\u00eda de codise\u00f1o y la creaci\u00f3n de sinergias entre organizaciones sin fines de lucro (ONG), organizaciones de la sociedad civil (OSC), institutos de educaci\u00f3n superior (IES), etc., para la promoci\u00f3n del cumplimiento de los criterios ESG en las PYMES.<br \/><br \/><\/li><li>Fomentar la innovaci\u00f3n digital, la preparaci\u00f3n, la resiliencia y la capacidad de las organizaciones y formadores de EPCC basadas en el desarrollo de una serie de herramientas digitales para ayudar a las PYMES a establecer, monitorear, evaluar e informar su cumplimiento ESG seg\u00fan las necesidades de los 14 ecosistemas industriales y el <br \/>planes personalizados que se generar\u00e1n<br \/><br \/><\/li><li>Promover la localizaci\u00f3n, explotaci\u00f3n, evaluaci\u00f3n y<br \/>evaluaci\u00f3n de impacto mediante la creaci\u00f3n de HUBS ESG, para una mejor transferibilidad basada en un mundo corporativo m\u00e1s responsable que contribuya a la justicia social, pr\u00e1cticas ambientales y transparentes<\/li><\/ol>\t\t\t\t\t\t\t\t<\/div>\n\t\t\t\t<\/div>\n\t\t\t\t\t<\/div>\n\t\t\t\t<\/div>\n\t\t<div class=\"elementor-element elementor-element-b8f8218 e-flex e-con-boxed elementor-invisible e-con e-parent\" data-id=\"b8f8218\" data-element_type=\"container\" data-e-type=\"container\" data-settings=\"{&quot;animation&quot;:&quot;fadeInDown&quot;}\">\n\t\t\t\t\t<div class=\"e-con-inner\">\n\t\t<div class=\"elementor-element elementor-element-b8de775 e-con-full e-flex e-con e-child\" data-id=\"b8de775\" data-element_type=\"container\" data-e-type=\"container\">\n\t\t\t\t<div class=\"elementor-element elementor-element-189f5ce elementor-widget elementor-widget-heading\" data-id=\"189f5ce\" data-element_type=\"widget\" data-e-type=\"widget\" data-widget_type=\"heading.default\">\n\t\t\t\t<div class=\"elementor-widget-container\">\n\t\t\t\t\t<h2 class=\"elementor-heading-title elementor-size-default\">Grupos objetivo<\/h2>\t\t\t\t<\/div>\n\t\t\t\t<\/div>\n\t\t\t\t<\/div>\n\t\t\t\t\t<\/div>\n\t\t\t\t<\/div>\n\t\t<div class=\"elementor-element elementor-element-69d3160 e-flex e-con-boxed elementor-invisible e-con e-parent\" data-id=\"69d3160\" data-element_type=\"container\" data-e-type=\"container\" data-settings=\"{&quot;animation&quot;:&quot;fadeInDown&quot;}\">\n\t\t\t\t\t<div class=\"e-con-inner\">\n\t\t<div class=\"elementor-element elementor-element-47db911 e-grid e-con-full e-con e-child\" data-id=\"47db911\" data-element_type=\"container\" data-e-type=\"container\">\n\t\t<div class=\"elementor-element elementor-element-902429c e-grid e-con-full e-con e-child\" data-id=\"902429c\" data-element_type=\"container\" data-e-type=\"container\">\n\t\t<div class=\"elementor-element elementor-element-57d2443 e-con-full e-flex e-con e-child\" data-id=\"57d2443\" data-element_type=\"container\" data-e-type=\"container\">\n\t\t\t\t<div class=\"elementor-element elementor-element-d2c66b4 elementor-widget elementor-widget-text-editor\" data-id=\"d2c66b4\" data-element_type=\"widget\" data-e-type=\"widget\" data-widget_type=\"text-editor.default\">\n\t\t\t\t<div class=\"elementor-widget-container\">\n\t\t\t\t\t\t\t\t\t<p>Formadores de FP en el sector de la Educaci\u00f3n y Formaci\u00f3n Profesionales (FP) que impart<\/p>\t\t\t\t\t\t\t\t<\/div>\n\t\t\t\t<\/div>\n\t\t\t\t<\/div>\n\t\t<div class=\"elementor-element elementor-element-f5afdb2 e-con-full e-flex e-con e-child\" data-id=\"f5afdb2\" data-element_type=\"container\" data-e-type=\"container\">\n\t\t\t\t<div class=\"elementor-element elementor-element-85d9281 elementor-widget elementor-widget-text-editor\" data-id=\"85d9281\" data-element_type=\"widget\" data-e-type=\"widget\" data-widget_type=\"text-editor.default\">\n\t\t\t\t<div class=\"elementor-widget-container\">\n\t\t\t\t\t\t\t\t\t<p>Profesionales, empleadores, directores, investigadores, desarrolladores, consultores, gerentes, asesores, trabajadores sociales\/juveniles, ambientalistas, expertos c\u00edvicos, etc. de las PYMES, empresas, compa\u00f1\u00edas, etc. que liderar\u00e1n o participar\u00e1n en el procedimiento de cumplimiento ESG de su organizaci\u00f3n o apoyar\u00e1n a otros.<\/p>\t\t\t\t\t\t\t\t<\/div>\n\t\t\t\t<\/div>\n\t\t\t\t<\/div>\n\t\t\t\t<\/div>\n\t\t\t\t<div class=\"elementor-element elementor-element-0bff3c4 elementor-widget elementor-widget-image\" data-id=\"0bff3c4\" data-element_type=\"widget\" data-e-type=\"widget\" data-widget_type=\"image.default\">\n\t\t\t\t<div class=\"elementor-widget-container\">\n\t\t\t\t\t\t\t\t\t\t\t\t\t\t\t<img decoding=\"async\" width=\"500\" height=\"500\" src=\"https:\/\/esg4vet.eu\/wp-content\/uploads\/2025\/12\/target-groups.png\" class=\"attachment-large size-large wp-image-4135\" alt=\"target groups\" srcset=\"https:\/\/esg4vet.eu\/wp-content\/uploads\/2025\/12\/target-groups.png 500w, https:\/\/esg4vet.eu\/wp-content\/uploads\/2025\/12\/target-groups-300x300.png 300w, https:\/\/esg4vet.eu\/wp-content\/uploads\/2025\/12\/target-groups-150x150.png 150w\" sizes=\"(max-width: 500px) 100vw, 500px\"  title=\"Sobre el Proyecto\" \/>\t\t\t\t\t\t\t\t\t\t\t\t\t\t\t<\/div>\n\t\t\t\t<\/div>\n\t\t\t\t<\/div>\n\t\t\t\t\t<\/div>\n\t\t\t\t<\/div>\n\t\t<div class=\"elementor-element elementor-element-f168314 e-flex e-con-boxed elementor-invisible e-con e-parent\" data-id=\"f168314\" data-element_type=\"container\" data-e-type=\"container\" data-settings=\"{&quot;animation&quot;:&quot;fadeInDown&quot;}\">\n\t\t\t\t\t<div class=\"e-con-inner\">\n\t\t\t\t\t<\/div>\n\t\t\t\t<\/div>\n\t\t<div class=\"elementor-element elementor-element-aa74621 e-flex e-con-boxed e-con e-parent\" data-id=\"aa74621\" data-element_type=\"container\" data-e-type=\"container\">\n\t\t\t\t\t<div class=\"e-con-inner\">\n\t\t\t\t\t<\/div>\n\t\t\t\t<\/div>\n\t\t<div class=\"elementor-element elementor-element-072876e e-flex e-con-boxed e-con e-parent\" data-id=\"072876e\" data-element_type=\"container\" data-e-type=\"container\">\n\t\t\t\t\t<div class=\"e-con-inner\">\n\t\t\t\t<div class=\"elementor-element elementor-element-4f7ecff elementor-widget elementor-widget-spacer\" data-id=\"4f7ecff\" data-element_type=\"widget\" data-e-type=\"widget\" data-widget_type=\"spacer.default\">\n\t\t\t\t<div class=\"elementor-widget-container\">\n\t\t\t\t\t\t\t<div class=\"elementor-spacer\">\n\t\t\t<div class=\"elementor-spacer-inner\"><\/div>\n\t\t<\/div>\n\t\t\t\t\t\t<\/div>\n\t\t\t\t<\/div>\n\t\t\t\t\t<\/div>\n\t\t\t\t<\/div>\n\t\t\t\t<\/div>","protected":false},"excerpt":{"rendered":"<p>About the Project Rationale The economic and health crisis, supported by the increasing environmental disasters due to the climate change, have accelerated the necessity to proceed with the integration of sustainable ESG (Environmental Social Governance) criteria aligned with the Green Deal and the 2023 EU Sustainability Reporting Standards (ESRS) pushing for tangible outcomes of social [&hellip;]<\/p>\n","protected":false},"author":1,"featured_media":0,"parent":0,"menu_order":0,"comment_status":"closed","ping_status":"closed","template":"","meta":{"_monsterinsights_skip_tracking":false,"site-sidebar-layout":"no-sidebar","site-content-layout":"page-builder","ast-site-content-layout":"default","site-content-style":"default","site-sidebar-style":"default","ast-global-header-display":"","ast-banner-title-visibility":"","ast-main-header-display":"","ast-hfb-above-header-display":"","ast-hfb-below-header-display":"","ast-hfb-mobile-header-display":"","site-post-title":"disabled","ast-breadcrumbs-content":"","ast-featured-img":"disabled","footer-sml-layout":"","ast-disable-related-posts":"","theme-transparent-header-meta":"disabled","adv-header-id-meta":"","stick-header-meta":"","header-above-stick-meta":"","header-main-stick-meta":"","header-below-stick-meta":"","astra-migrate-meta-layouts":"default","ast-page-background-enabled":"default","ast-page-background-meta":{"desktop":{"background-color":"var(--ast-global-color-4)","background-image":"","background-repeat":"repeat","background-position":"center center","background-size":"auto","background-attachment":"scroll","background-type":"","background-media":"","overlay-type":"","overlay-color":"","overlay-opacity":"","overlay-gradient":""},"tablet":{"background-color":"","background-image":"","background-repeat":"repeat","background-position":"center center","background-size":"auto","background-attachment":"scroll","background-type":"","background-media":"","overlay-type":"","overlay-color":"","overlay-opacity":"","overlay-gradient":""},"mobile":{"background-color":"","background-image":"","background-repeat":"repeat","background-position":"center center","background-size":"auto","background-attachment":"scroll","background-type":"","background-media":"","overlay-type":"","overlay-color":"","overlay-opacity":"","overlay-gradient":""}},"ast-content-background-meta":{"desktop":{"background-color":"var(--ast-global-color-5)","background-image":"","background-repeat":"repeat","background-position":"center center","background-size":"auto","background-attachment":"scroll","background-type":"","background-media":"","overlay-type":"","overlay-color":"","overlay-opacity":"","overlay-gradient":""},"tablet":{"background-color":"var(--ast-global-color-5)","background-image":"","background-repeat":"repeat","background-position":"center center","background-size":"auto","background-attachment":"scroll","background-type":"","background-media":"","overlay-type":"","overlay-color":"","overlay-opacity":"","overlay-gradient":""},"mobile":{"background-color":"var(--ast-global-color-5)","background-image":"","background-repeat":"repeat","background-position":"center center","background-size":"auto","background-attachment":"scroll","background-type":"","background-media":"","overlay-type":"","overlay-color":"","overlay-opacity":"","overlay-gradient":""}},"footnotes":""},"class_list":["post-2614","page","type-page","status-publish","hentry"],"_links":{"self":[{"href":"https:\/\/esg4vet.eu\/es\/wp-json\/wp\/v2\/pages\/2614","targetHints":{"allow":["GET"]}}],"collection":[{"href":"https:\/\/esg4vet.eu\/es\/wp-json\/wp\/v2\/pages"}],"about":[{"href":"https:\/\/esg4vet.eu\/es\/wp-json\/wp\/v2\/types\/page"}],"author":[{"embeddable":true,"href":"https:\/\/esg4vet.eu\/es\/wp-json\/wp\/v2\/users\/1"}],"replies":[{"embeddable":true,"href":"https:\/\/esg4vet.eu\/es\/wp-json\/wp\/v2\/comments?post=2614"}],"version-history":[{"count":329,"href":"https:\/\/esg4vet.eu\/es\/wp-json\/wp\/v2\/pages\/2614\/revisions"}],"predecessor-version":[{"id":4763,"href":"https:\/\/esg4vet.eu\/es\/wp-json\/wp\/v2\/pages\/2614\/revisions\/4763"}],"wp:attachment":[{"href":"https:\/\/esg4vet.eu\/es\/wp-json\/wp\/v2\/media?parent=2614"}],"curies":[{"name":"wp","href":"https:\/\/api.w.org\/{rel}","templated":true}]}}